{"id":71,"date":"2020-06-04T11:01:16","date_gmt":"2020-06-04T11:01:16","guid":{"rendered":"https:\/\/tomvernieuwing.be\/nl\/?page_id=71"},"modified":"2023-02-04T17:21:25","modified_gmt":"2023-02-04T17:21:25","slug":"ramen-deuren-kozijnen-alu","status":"publish","type":"page","link":"https:\/\/tomvernieuwing.be\/nl\/ramen-deuren-kozijnen-alu","title":{"rendered":"Ramen &amp; Deuren | Kozijnen ALU"},"content":{"rendered":"\n<p>Haal het meeste uit licht en een betrouwbaar product!<br>Aluminium is ongetwijfeld het favoriete materiaal voor uw openingen en om een \u200b\u200bmaximaal glasoppervlak te hebben. Het is een sterk en stijf materiaal dat gemakkelijk te onderhouden is en een uitstekende levensduur heeft.<br>In termen van esthetiek geeft aluminium schrijnwerk een eigentijdse uitstraling aan uw nieuwe of oude huis en kan het een interessant contrast vormen. Bovendien is aluminium verkrijgbaar in veel verschillende kleuren die aan uw kleurbehoeften voldoen.<br>Comfortabel gezien is de energieprestatie van aluminium goed, vooral dankzij een onderbreking van de koudebruggen. Omdat aluminium een \u200b\u200bwarmtegeleider is. Veiligheid is een van de sterke punten van aluminium, het heeft een uitstekende bescherming tegen inbraak. De prijs van aluminium is tussen PVC en hout.<\/p>\n\n\n\n<p><\/p>\n\n\n\n<p>Voor de productie van aluminiumprofielen vertrouwen we op de merken Etem en Alumil &#8211; een kwaliteit die in de loop der jaren is bewezen.<\/p>\n\n\n\n<div class=\"wp-block-columns is-layout-flex wp-container-core-columns-is-layout-9d6595d7 wp-block-columns-is-layout-flex\">\n<div class=\"wp-block-column is-layout-flow wp-block-column-is-layout-flow\">\n<figure class=\"wp-block-image size-large\"><img loading=\"lazy\" decoding=\"async\" width=\"500\" height=\"124\" src=\"https:\/\/tomvernieuwing.be\/nl\/wp-content\/uploads\/sites\/2\/2020\/06\/reynaers-logo-4.png\" alt=\"\" class=\"wp-image-305\" \/><\/figure>\n\n\n\n<p>Reynaers chassis ALU &#8211; binnenkort beschikbaar.<\/p>\n<\/div>\n\n\n\n<div class=\"wp-block-column is-layout-flow wp-block-column-is-layout-flow\">\n<figure class=\"wp-block-image size-large\"><img loading=\"lazy\" decoding=\"async\" width=\"269\" height=\"37\" src=\"https:\/\/tomvernieuwing.be\/nl\/wp-content\/uploads\/sites\/2\/2020\/06\/etem-logo-2.svg\" alt=\"\" class=\"wp-image-309\" \/><\/figure>\n\n\n\n<p>Opgericht in 1971, leider op het gebied van aluminium extrusie en behoort vandaag tot de meest veelbelovende bedrijven in Europa.<\/p>\n<\/div>\n\n\n\n<div class=\"wp-block-column is-layout-flow wp-block-column-is-layout-flow\">\n<figure class=\"wp-block-image size-large\"><img loading=\"lazy\" decoding=\"async\" width=\"690\" height=\"210\" src=\"https:\/\/tomvernieuwing.be\/nl\/wp-content\/uploads\/sites\/2\/2020\/06\/alumil-logo.svg\" alt=\"\" class=\"wp-image-307\" \/><\/figure>\n\n\n\n<p>Alumil is meer dan 30 jaar geleden opgericht en is een bedrijf dat gespecialiseerd is in de productie van aluminium ramen en terrasdeuren.<\/p>\n<\/div>\n<\/div>\n\n\n\n<div class=\"wp-block-columns is-layout-flex wp-container-core-columns-is-layout-9d6595d7 wp-block-columns-is-layout-flex\">\n<div class=\"wp-block-column is-layout-flow wp-block-column-is-layout-flow\">\n<h3 class=\"wp-block-heading\">Reynaers<\/h3>\n\n\n\n<p>Reynaers chassis ALU \u2026 binnenkort beschikbaar<\/p>\n<\/div>\n\n\n\n<div class=\"wp-block-column is-layout-flow wp-block-column-is-layout-flow\">\n<h3 class=\"wp-block-heading\">ETEM E75<\/h3>\n\n\n\n<figure class=\"wp-block-image size-large\"><img loading=\"lazy\" decoding=\"async\" width=\"740\" height=\"740\" src=\"https:\/\/tomvernieuwing.be\/nl\/wp-content\/uploads\/sites\/2\/2020\/06\/etem-e75-740.png\" alt=\"\" class=\"wp-image-314\" \/><\/figure>\n\n\n\n<ul class=\"wp-block-list\">\n<li>Thermische isolatie Uw = 1,4 W \/ m\u00b2<\/li>\n\n\n\n<li>Speciaal ontworpen voor zware deuren<\/li>\n\n\n\n<li>Versterkte profielen op lastpunten.<\/li>\n<\/ul>\n\n\n\n<div class=\"wp-block-group\"><div class=\"wp-block-group__inner-container is-layout-flow wp-block-group-is-layout-flow\">\n<div class=\"wp-block-group\"><div class=\"wp-block-group__inner-container is-layout-flow wp-block-group-is-layout-flow\">\n<p class=\"popmake-806\"><a href=\"#al-e75\">Meer informatie<\/a><\/p>\n<\/div><\/div>\n<\/div><\/div>\n<\/div>\n\n\n\n<div class=\"wp-block-column is-layout-flow wp-block-column-is-layout-flow\">\n<h3 class=\"wp-block-heading\">ETEM E45<\/h3>\n\n\n\n<div class=\"wp-block-group\"><div class=\"wp-block-group__inner-container is-layout-flow wp-block-group-is-layout-flow\">\n<figure class=\"wp-block-image size-large\"><img loading=\"lazy\" decoding=\"async\" width=\"740\" height=\"740\" src=\"https:\/\/tomvernieuwing.be\/nl\/wp-content\/uploads\/sites\/2\/2020\/06\/etem-e45-740.png\" alt=\"\" class=\"wp-image-804\" \/><\/figure>\n<\/div><\/div>\n\n\n\n<ul class=\"wp-block-list\">\n<li>Uw = 1,2 W \/ m\u00b2K<\/li>\n\n\n\n<li>Geluidsisolatie &#8211; 42 dB<\/li>\n\n\n\n<li>EPDM-pakkingen voor betere thermische isolatie<\/li>\n<\/ul>\n\n\n\n<p class=\"popmake-816\"><a href=\"#al-e45\">Meer informatie<\/a><\/p>\n<\/div>\n\n\n\n<div class=\"wp-block-column is-layout-flow wp-block-column-is-layout-flow\">\n<h3 class=\"wp-block-heading\">ALUMIL M11000 ALUTHERM PLUS<\/h3>\n\n\n\n<figure class=\"wp-block-image size-large\"><img loading=\"lazy\" decoding=\"async\" width=\"934\" height=\"1073\" style=\"width: 70%\" src=\"https:\/\/tomvernieuwing.be\/nl\/wp-content\/uploads\/sites\/2\/2020\/06\/alumil-m11000-2.jpg\" alt=\"\" class=\"wp-image-315\"><\/figure>\n\n\n\n<ul class=\"wp-block-list\">\n<li>Thermische isolatie &#8211; 2,3 W \/ m\u00b2K.<\/li>\n\n\n\n<li>Een openingsmechanisme &#8211; belasting \u2265 130 kg<\/li>\n\n\n\n<li>Thermische isolatie &#8211; polyamide 24 mm<\/li>\n<\/ul>\n\n\n\n<p class=\"popmake-820\"><a href=\"#al-m11000\">Meer informatie<\/a><\/p>\n<\/div>\n<\/div>\n\n\n\n<div class=\"cfw_1\"><div class=\"cfw_1_inner\">\nHeeft u vragen of wilt u een offerte?\n<br><div class=\"wp-block-buttons\">\n<div class=\"wp-block-button is-style-fill\"><a class=\"wp-block-button__link\" href=\"tel:+32488255545\"><i class=\"fa fa-phone\" aria-hidden=\"true\"><\/i> +32 488 25 55 45<\/a><\/div>\n<\/div>\n<\/div><\/div>\n\n\n\n<h2 class=\"wp-block-heading\">Kleurenpalet<\/h2>\n\n\n\nngg_shortcode_0_placeholder\n\n\n\n<p>RAL catalogus: <a rel=\"noreferrer noopener\" href=\"https:\/\/www.ralcolor.com\/\" target=\"_blank\">https:\/\/www.ralcolor.com\/<\/a><\/p>\n\n\n\n<p>Opmerking: de kleuren van de monitor of het beeldscherm op uw telefoon \/ tablet kunnen afwijken van de werkelijke kleuren. Voor de exacte kleur, welkom in onze showroom om een \u200b\u200bstaal te bekijken.<\/p>\n\n\n\n<h2 class=\"wp-block-heading\">Beglazing<\/h2>\n\n\n\n<p>Nadat  de materialen zijn gekozen, is het nu zaak om de juiste opties voor uw ruiten, travee\u00ebn en terrasdeuren te bepalen.<br>Deze maken het inderdaad mogelijk om uw openingen en de: veiligheid te versterken,  thermische en geluidsisolatie, zonwering, esthetiek.<\/p>\n\n\n\n<div class=\"wp-block-columns is-layout-flex wp-container-core-columns-is-layout-9d6595d7 wp-block-columns-is-layout-flex\">\n<div class=\"wp-block-column is-layout-flow wp-block-column-is-layout-flow\">\n<figure class=\"wp-block-image size-large\"><img loading=\"lazy\" decoding=\"async\" width=\"1000\" height=\"1000\" src=\"https:\/\/tomvernieuwing.be\/nl\/wp-content\/uploads\/sites\/2\/2020\/06\/vitrage-double.jpg\" alt=\"\" class=\"wp-image-862\"\/><\/figure>\n\n\n\n<h3 class=\"wp-block-heading\">Dubbele beglazing<\/h3>\n\n\n\n<p>Dubbele beglazing bestaat uit het samenstellen van twee ruiten gescheiden door een &#8220;argonblad&#8221;. De lucht in het raam werkt als een zeer effectieve isolator. Dit helpt warmteverlies in de winter te verminderen en condensatie te onderdrukken die wordt gevormd door temperatuurverschillen tussen de binnen- en buitenkant van het huis. \u201cArgon blade\u201d, waardoor 30 tot 50% meer energie wordt bespaard in vergelijking met standaard dubbele beglazing.<\/p>\n<\/div>\n\n\n\n<div class=\"wp-block-column is-layout-flow wp-block-column-is-layout-flow\">\n<figure class=\"wp-block-image size-large\"><img loading=\"lazy\" decoding=\"async\" width=\"1000\" height=\"1000\" src=\"https:\/\/tomvernieuwing.be\/nl\/wp-content\/uploads\/sites\/2\/2020\/06\/vitrage-triple.jpg\" alt=\"\" class=\"wp-image-863\"\/><\/figure>\n\n\n\n<h3 class=\"wp-block-heading\">Driedubbele beglazing <\/h3>\n\n\n\n<p>Drievoudige beglazing bevat een extra glaslat die de luchtlaag in twee\u00ebn scheidt. Drievoudige beglazing zorgt voor een betere isolatie dan dubbele beglazing omdat de warmtegeleidingsco\u00ebffici\u00ebnt lager is.<\/p>\n<\/div>\n\n\n\n<div class=\"wp-block-column is-layout-flow wp-block-column-is-layout-flow\">\n<figure class=\"wp-block-image size-large\"><img loading=\"lazy\" decoding=\"async\" width=\"740\" height=\"740\" src=\"https:\/\/tomvernieuwing.be\/nl\/wp-content\/uploads\/sites\/2\/2020\/06\/vatreshni-shprosi_740.png\" alt=\"\" class=\"wp-image-434\"\/><\/figure>\n\n\n\n<h3 class=\"wp-block-heading\">Kruishouten ingebouwd<\/h3>\n\n\n\n<p>De binnenbeugels vormen een onderdeel van een dubbele beglazing die permanent in de beglaasde kozijnen is bevestigd. De afstandhouders zijn verkrijgbaar in 4 diktes: 8 mm, 18 mm, 24 mm en 26 mm. Om de verschillende kleuropties te verkrijgen, vernis is de gewenste kleur uit het RAL-palet of lijm een \u200b\u200bfilm die overeenkomt met de kleuren van de raamprofielen.<\/p>\n<\/div>\n\n\n\n<div class=\"wp-block-column is-layout-flow wp-block-column-is-layout-flow\">\n<figure class=\"wp-block-image size-large\"><img loading=\"lazy\" decoding=\"async\" width=\"740\" height=\"740\" src=\"https:\/\/tomvernieuwing.be\/nl\/wp-content\/uploads\/sites\/2\/2020\/06\/vanshni-shprosi_740.png\" alt=\"\" class=\"wp-image-435\"\/><\/figure>\n\n\n\n<h3 class=\"wp-block-heading\">Kruishouten geplakt<\/h3>\n\n\n\n<p>Anderzijds behoren de verlijmde beugels niet tot het element van het beglazingspakket. Ze zijn aan beide zijden van de dubbele beglazing verlijmd met een kleeflaag, waardoor de verdeling van de beglazing wordt nagebootst. De afstandhouders zijn verkrijgbaar in diktes van 26 mm, 35 mm en 50 mm en in een reeks films die overeenkomen met de kleuren van de pvc-raamprofielen. Het is ook mogelijk om de beugels in elke kleur van het RAL-palet te lakken, zowel op pvc als op folie.<\/p>\n<\/div>\n<\/div>\n\n\n\n<h2 class=\"wp-block-heading\">Het glas<\/h2>\n\n\n\n<div class=\"wp-block-media-text alignwide has-media-on-the-right is-stacked-on-mobile is-vertically-aligned-top blockTextMedia_2\"><figure class=\"wp-block-media-text__media\"><img loading=\"lazy\" decoding=\"async\" width=\"1066\" height=\"800\" src=\"https:\/\/tomvernieuwing.be\/nl\/wp-content\/uploads\/sites\/2\/2020\/06\/triplex-1.jpg\" alt=\"\" class=\"wp-image-868\" \/><\/figure><div class=\"wp-block-media-text__content\">\n<h3 class=\"wp-block-heading\">Veiligheid en geluidsisolatie<\/h3>\n\n\n\n<p>Gelaagd glas bestaat uit verschillende ruiten gescheiden door PVB (Poly Vinyl Butyral) plastic films. Dit type glas is zeer moeilijk te breken, wat de toepassing in voorruiten van voertuigen verklaart.<\/p>\n<\/div><\/div>\n\n\n\n<p><\/p>\n\n\n\n<div class=\"wp-block-media-text alignwide has-media-on-the-right is-stacked-on-mobile is-vertically-aligned-top blockTextMedia_2\"><figure class=\"wp-block-media-text__media\"><img loading=\"lazy\" decoding=\"async\" width=\"1066\" height=\"800\" src=\"https:\/\/tomvernieuwing.be\/nl\/wp-content\/uploads\/sites\/2\/2020\/06\/verre-1.jpg\" alt=\"\" class=\"wp-image-869\" \/><\/figure><div class=\"wp-block-media-text__content\">\n<h3 class=\"wp-block-heading\">Zonwerende glas<\/h3>\n\n\n\n<p>Getint glas is een model dat bijzonder geschikt is voor diegenen die wat privacy in de kamer willen of de binnenverlichting willen verminderen.<\/p>\n<\/div><\/div>\n\n\n\n<h3 class=\"wp-block-heading\">Decoratief glas<\/h3>\n\n\n\n<p>Verschillende soorten decoratief glas voor het decoreren van uw interieur.<\/p>\n\n\n\n<figure class=\"wp-block-gallery columns-5 is-cropped wp-block-gallery-1 is-layout-flex wp-block-gallery-is-layout-flex\"><ul class=\"blocks-gallery-grid\"><li class=\"blocks-gallery-item\"><figure><a href=\"https:\/\/tomvernieuwing.be\/nl\/wp-content\/uploads\/sites\/2\/2020\/06\/verre-decoratif-1.jpg\" data-lbwps-gid=\"2\" data-lbwps-width=\"1461\" data-lbwps-height=\"1806\" data-lbwps-srcsmall=\"https:\/\/tomvernieuwing.be\/nl\/wp-content\/uploads\/sites\/2\/2020\/06\/verre-decoratif-1.jpg\"><img loading=\"lazy\" decoding=\"async\" width=\"1461\" height=\"1806\" src=\"https:\/\/tomvernieuwing.be\/nl\/wp-content\/uploads\/sites\/2\/2020\/06\/verre-decoratif-1.jpg\" alt=\"\" data-id=\"692\" data-link=\"https:\/\/tomvernieuwing.be\/portes-fenetres-chassis-pvc\/verre-decoratif-1\" class=\"wp-image-692\" \/><\/a><\/figure><\/li><li class=\"blocks-gallery-item\"><figure><a href=\"https:\/\/tomvernieuwing.be\/nl\/wp-content\/uploads\/sites\/2\/2020\/06\/verre-decoratif-2.jpg\" data-lbwps-gid=\"2\" data-lbwps-width=\"2100\" data-lbwps-height=\"2222\" data-lbwps-srcsmall=\"https:\/\/tomvernieuwing.be\/nl\/wp-content\/uploads\/sites\/2\/2020\/06\/verre-decoratif-2.jpg\"><img loading=\"lazy\" decoding=\"async\" width=\"2100\" height=\"2222\" src=\"https:\/\/tomvernieuwing.be\/nl\/wp-content\/uploads\/sites\/2\/2020\/06\/verre-decoratif-2.jpg\" alt=\"\" data-id=\"693\" data-link=\"https:\/\/tomvernieuwing.be\/portes-fenetres-chassis-pvc\/verre-decoratif-2\" class=\"wp-image-693\" \/><\/a><\/figure><\/li><li class=\"blocks-gallery-item\"><figure><a href=\"https:\/\/tomvernieuwing.be\/nl\/wp-content\/uploads\/sites\/2\/2020\/06\/verre-decoratif-3.jpg\" data-lbwps-gid=\"2\" data-lbwps-width=\"2325\" data-lbwps-height=\"1596\" data-lbwps-srcsmall=\"https:\/\/tomvernieuwing.be\/nl\/wp-content\/uploads\/sites\/2\/2020\/06\/verre-decoratif-3.jpg\"><img loading=\"lazy\" decoding=\"async\" width=\"2325\" height=\"1596\" src=\"https:\/\/tomvernieuwing.be\/nl\/wp-content\/uploads\/sites\/2\/2020\/06\/verre-decoratif-3.jpg\" alt=\"\" data-id=\"694\" data-link=\"https:\/\/tomvernieuwing.be\/portes-fenetres-chassis-pvc\/verre-decoratif-3\" class=\"wp-image-694\" \/><\/a><\/figure><\/li><li class=\"blocks-gallery-item\"><figure><a href=\"https:\/\/tomvernieuwing.be\/nl\/wp-content\/uploads\/sites\/2\/2020\/06\/verre-decoratif-4.jpg\" data-lbwps-gid=\"2\" data-lbwps-width=\"1960\" data-lbwps-height=\"1436\" data-lbwps-srcsmall=\"https:\/\/tomvernieuwing.be\/nl\/wp-content\/uploads\/sites\/2\/2020\/06\/verre-decoratif-4.jpg\"><img loading=\"lazy\" decoding=\"async\" width=\"1960\" height=\"1436\" src=\"https:\/\/tomvernieuwing.be\/nl\/wp-content\/uploads\/sites\/2\/2020\/06\/verre-decoratif-4.jpg\" alt=\"\" data-id=\"695\" data-link=\"https:\/\/tomvernieuwing.be\/portes-fenetres-chassis-pvc\/verre-decoratif-4\" class=\"wp-image-695\" \/><\/a><\/figure><\/li><li class=\"blocks-gallery-item\"><figure><a href=\"https:\/\/tomvernieuwing.be\/nl\/wp-content\/uploads\/sites\/2\/2020\/06\/verre-decoratif-5.jpg\" data-lbwps-gid=\"2\" data-lbwps-width=\"1960\" data-lbwps-height=\"1415\" data-lbwps-srcsmall=\"https:\/\/tomvernieuwing.be\/nl\/wp-content\/uploads\/sites\/2\/2020\/06\/verre-decoratif-5.jpg\"><img loading=\"lazy\" decoding=\"async\" width=\"1960\" height=\"1415\" src=\"https:\/\/tomvernieuwing.be\/nl\/wp-content\/uploads\/sites\/2\/2020\/06\/verre-decoratif-5.jpg\" alt=\"\" data-id=\"696\" data-link=\"https:\/\/tomvernieuwing.be\/portes-fenetres-chassis-pvc\/verre-decoratif-5\" class=\"wp-image-696\" \/><\/a><\/figure><\/li><li class=\"blocks-gallery-item\"><figure><a href=\"https:\/\/tomvernieuwing.be\/nl\/wp-content\/uploads\/sites\/2\/2020\/06\/verre-decoratif-6.jpg\" data-lbwps-gid=\"2\" data-lbwps-width=\"2390\" data-lbwps-height=\"1792\" data-lbwps-srcsmall=\"https:\/\/tomvernieuwing.be\/nl\/wp-content\/uploads\/sites\/2\/2020\/06\/verre-decoratif-6.jpg\"><img loading=\"lazy\" decoding=\"async\" width=\"2390\" height=\"1792\" src=\"https:\/\/tomvernieuwing.be\/nl\/wp-content\/uploads\/sites\/2\/2020\/06\/verre-decoratif-6.jpg\" alt=\"\" data-id=\"697\" data-link=\"https:\/\/tomvernieuwing.be\/portes-fenetres-chassis-pvc\/verre-decoratif-6\" class=\"wp-image-697\" \/><\/a><\/figure><\/li><li class=\"blocks-gallery-item\"><figure><a href=\"https:\/\/tomvernieuwing.be\/nl\/wp-content\/uploads\/sites\/2\/2020\/06\/verre-decoratif-7.jpg\" data-lbwps-gid=\"2\" data-lbwps-width=\"2037\" data-lbwps-height=\"2311\" data-lbwps-srcsmall=\"https:\/\/tomvernieuwing.be\/nl\/wp-content\/uploads\/sites\/2\/2020\/06\/verre-decoratif-7.jpg\"><img loading=\"lazy\" decoding=\"async\" width=\"2037\" height=\"2311\" src=\"https:\/\/tomvernieuwing.be\/nl\/wp-content\/uploads\/sites\/2\/2020\/06\/verre-decoratif-7.jpg\" alt=\"\" data-id=\"698\" data-link=\"https:\/\/tomvernieuwing.be\/portes-fenetres-chassis-pvc\/verre-decoratif-7\" class=\"wp-image-698\" \/><\/a><\/figure><\/li><li class=\"blocks-gallery-item\"><figure><a href=\"https:\/\/tomvernieuwing.be\/nl\/wp-content\/uploads\/sites\/2\/2020\/06\/verre-decoratif-8.jpg\" data-lbwps-gid=\"2\" data-lbwps-width=\"1960\" data-lbwps-height=\"1275\" data-lbwps-srcsmall=\"https:\/\/tomvernieuwing.be\/nl\/wp-content\/uploads\/sites\/2\/2020\/06\/verre-decoratif-8.jpg\"><img loading=\"lazy\" decoding=\"async\" width=\"1960\" height=\"1275\" src=\"https:\/\/tomvernieuwing.be\/nl\/wp-content\/uploads\/sites\/2\/2020\/06\/verre-decoratif-8.jpg\" alt=\"\" data-id=\"699\" data-link=\"https:\/\/tomvernieuwing.be\/portes-fenetres-chassis-pvc\/verre-decoratif-8\" class=\"wp-image-699\" \/><\/a><\/figure><\/li><li class=\"blocks-gallery-item\"><figure><a href=\"https:\/\/tomvernieuwing.be\/nl\/wp-content\/uploads\/sites\/2\/2020\/06\/verre-decoratif-9.jpg\" data-lbwps-gid=\"2\" data-lbwps-width=\"1600\" data-lbwps-height=\"939\" data-lbwps-srcsmall=\"https:\/\/tomvernieuwing.be\/nl\/wp-content\/uploads\/sites\/2\/2020\/06\/verre-decoratif-9.jpg\"><img loading=\"lazy\" decoding=\"async\" width=\"1600\" height=\"939\" src=\"https:\/\/tomvernieuwing.be\/nl\/wp-content\/uploads\/sites\/2\/2020\/06\/verre-decoratif-9.jpg\" alt=\"\" data-id=\"700\" data-link=\"https:\/\/tomvernieuwing.be\/portes-fenetres-chassis-pvc\/verre-decoratif-9\" class=\"wp-image-700\" \/><\/a><\/figure><\/li><\/ul><\/figure>\n\n\n\n<hr class=\"wp-block-separator has-css-opacity\" \/>\n\n\n\n<h2 class=\"wp-block-heading\">Ramen &amp; Deuren | Chassis PVC\/ALU\/HOUT<\/h2>\n\n\n\n<div class=\"wp-block-columns is-layout-flex wp-container-core-columns-is-layout-9d6595d7 wp-block-columns-is-layout-flex\">\n<div class=\"wp-block-column is-layout-flow wp-block-column-is-layout-flow\">\n<figure class=\"wp-block-image size-large\"><a href=\"https:\/\/tomvernieuwing.be\/nl\/ramen-deuren-kozijnen-pvc\"><img loading=\"lazy\" decoding=\"async\" width=\"1000\" height=\"1000\" src=\"https:\/\/tomvernieuwing.be\/nl\/wp-content\/uploads\/sites\/2\/2020\/06\/trocal-76-standard-1000-blue.jpg\" alt=\"\" class=\"wp-image-285\"\/><\/a><\/figure>\n\n\n\n<h2 class=\"wp-block-heading\"><a href=\"https:\/\/tomvernieuwing.be\/nl\/ramen-deuren-kozijnen-pvc\" data-type=\"page\" data-id=\"62\">PVC<\/a><\/h2>\n\n\n\n<p><strong>K\u00d6MMERLING en TROCAL<\/strong><\/p>\n\n\n\n<p>Robuust en zuinig, PVC combineert thermische prestaties, weerstand, onderhoudsgemak en veiligheid. Het biedt een zeer goed niveau van thermische  geluidsisolatie en laat verschillende vormen, uiterlijk en kleuren toe.<\/p>\n\n\n\n<p><a href=\"https:\/\/tomvernieuwing.be\/nl\/ramen-deuren-kozijnen-pvc\" data-type=\"page\" data-id=\"62\">Meer informatie<\/a><\/p>\n<\/div>\n\n\n\n<div class=\"wp-block-column is-layout-flow wp-block-column-is-layout-flow\">\n<figure class=\"wp-block-image size-large\"><a href=\"https:\/\/tomvernieuwing.be\/nl\/ramen-deuren-kozijnen-alu\"><img loading=\"lazy\" decoding=\"async\" width=\"740\" height=\"740\" src=\"https:\/\/tomvernieuwing.be\/nl\/wp-content\/uploads\/sites\/2\/2020\/06\/etem-e75-740.png\" alt=\"\" class=\"wp-image-314\"\/><\/a><\/figure>\n\n\n\n<h2 class=\"wp-block-heading\"><a href=\"https:\/\/tomvernieuwing.be\/nl\/ramen-deuren-kozijnen-alu\" data-type=\"page\" data-id=\"71\">ALU<\/a><\/h2>\n\n\n\n<p><strong>REYNAERS, ETEM en ALUMIL<\/strong><\/p>\n\n\n\n<p>Aluminium heeft veel eigenschappen die door architecten zeer gewaardeerd worden. Tevens elegant, licht, resistent en onvervormbaar, en ook het licht temt. De gladheid van de profielen in combinatie met hun stijfheid maakt grotere openingen mogelijk.<\/p>\n\n\n\n<p><a href=\"https:\/\/tomvernieuwing.be\/nl\/ramen-deuren-kozijnen-alu\" data-type=\"page\" data-id=\"71\">Meer informatie<\/a><\/p>\n<\/div>\n\n\n\n<div class=\"wp-block-column is-layout-flow wp-block-column-is-layout-flow\">\n<figure class=\"wp-block-image size-large\"><a href=\"https:\/\/tomvernieuwing.be\/nl\/ramen-deuren-kozijnen-hout\"><img loading=\"lazy\" decoding=\"async\" width=\"740\" height=\"740\" src=\"https:\/\/tomvernieuwing.be\/nl\/wp-content\/uploads\/sites\/2\/2020\/06\/wood-system-92-740x740-1.png\" alt=\"\" class=\"wp-image-320\"\/><\/a><\/figure>\n\n\n\n<h2 class=\"wp-block-heading\"><a href=\"https:\/\/tomvernieuwing.be\/nl\/ramen-deuren-kozijnen-hout\" data-type=\"page\" data-id=\"80\">HOUT<\/a><\/h2>\n\n\n\n<p><strong>Gecertificeerd door M\u00fcnchinger<\/strong><\/p>\n\n\n\n<p>Edel en hoogwaardig materiaal, het houten raam is een onmiskenbaar figuur in de wereld van timmerwerk. Het heeft natuurlijke isolerende eigenschappen en een oneindig aantal esthetische mogelijkheden (kleuren en afwerkingen).<\/p>\n\n\n\n<p><a href=\"https:\/\/tomvernieuwing.be\/nl\/ramen-deuren-kozijnen-hout\" data-type=\"page\" data-id=\"80\">Meer informatie<\/a><\/p>\n<\/div>\n<\/div>\n","protected":false},"excerpt":{"rendered":"<p>Haal het meeste uit licht en een betrouwbaar product!Aluminium is ongetwijfeld het favoriete materiaal voor uw openingen en om een \u200b\u200bmaximaal glasoppervlak te hebben.<\/p>\n","protected":false},"author":2,"featured_media":0,"parent":0,"menu_order":0,"comment_status":"closed","ping_status":"closed","template":"","meta":{"inline_featured_image":false,"ngg_post_thumbnail":0,"footnotes":""},"class_list":["post-71","page","type-page","status-publish","hentry"],"_links":{"self":[{"href":"https:\/\/tomvernieuwing.be\/nl\/wp-json\/wp\/v2\/pages\/71","targetHints":{"allow":["GET"]}}],"collection":[{"href":"https:\/\/tomvernieuwing.be\/nl\/wp-json\/wp\/v2\/pages"}],"about":[{"href":"https:\/\/tomvernieuwing.be\/nl\/wp-json\/wp\/v2\/types\/page"}],"author":[{"embeddable":true,"href":"https:\/\/tomvernieuwing.be\/nl\/wp-json\/wp\/v2\/users\/2"}],"replies":[{"embeddable":true,"href":"https:\/\/tomvernieuwing.be\/nl\/wp-json\/wp\/v2\/comments?post=71"}],"version-history":[{"count":65,"href":"https:\/\/tomvernieuwing.be\/nl\/wp-json\/wp\/v2\/pages\/71\/revisions"}],"predecessor-version":[{"id":1535,"href":"https:\/\/tomvernieuwing.be\/nl\/wp-json\/wp\/v2\/pages\/71\/revisions\/1535"}],"wp:attachment":[{"href":"https:\/\/tomvernieuwing.be\/nl\/wp-json\/wp\/v2\/media?parent=71"}],"curies":[{"name":"wp","href":"https:\/\/api.w.org\/{rel}","templated":true}]}}